{"id":773,"date":"2022-05-19T14:44:12","date_gmt":"2022-05-19T12:44:12","guid":{"rendered":"https:\/\/generaltransmissions.com\/privacy-policy\/"},"modified":"2022-05-23T15:17:01","modified_gmt":"2022-05-23T13:17:01","slug":"politique-confidentialite","status":"publish","type":"page","link":"https:\/\/generaltransmissions.com\/fr\/politique-confidentialite\/","title":{"rendered":"Politique de traitement des donn\u00e9es personnelles"},"content":{"rendered":"\n<p>Politique de traitement des donn\u00e9es personnelles applicable aux contacts, clients, prospects, utilisateurs de services en ligne. <\/p>\n\n\n\n<p>La politique \u00e9nonc\u00e9e ci-apr\u00e8s s\u2019applique aux traitements de donn\u00e9es personnelles effectu\u00e9s par notre responsable RH (ci-apr\u00e8s d\u00e9sign\u00e9 le responsable du traitement).<\/p>\n\n\n\n<h3 class=\"wp-block-heading\">1. Dispositions g\u00e9n\u00e9rales<\/h3>\n\n\n\n<p>Les dispositions qui suivent concernent tous les traitements de donn\u00e9es personnelles effectu\u00e9s par le responsable du traitement, sauf mention contraire dans les dispositions sp\u00e9cifiques..<\/p>\n\n\n\n<h4 class=\"wp-block-heading\">Cadre juridique \u2013 conformit\u00e9 au RGPD et \u00e0 la loi fran\u00e7aise<\/h4>\n\n\n\n<p>Le responsable du traitement d\u00e9clare qu\u2019il effectue des traitements de donn\u00e9es personnelles conform\u00e9ment au r\u00e8glement (UE) 2016\/679 du Parlement europ\u00e9en et du Conseil du 27 avril 2016, relatif \u00e0 la protection des personnes physiques \u00e0 l\u2019\u00e9gard du traitement des donn\u00e9es \u00e0 caract\u00e8re personnel et \u00e0 la libre circulation de ces donn\u00e9es (ci-apr\u00e8s d\u00e9sign\u00e9 le RGPD) et \u00e0 loi fran\u00e7aise n\u00b0 78-17 du 6 janvier 1978 relative \u00e0 l\u2019informatique, aux fichiers et aux libert\u00e9s (modifi\u00e9e). <\/p>\n\n\n\n<p><strong>Responsable du traitement et autres intervenants<\/strong><\/p>\n\n\n\n<p>Aymeric PETIT, HR Manager<br>Email : RGPD@generaltransmissions.com<br>T\u00e9l : +33 2 51 66 96 30<br>Adresse : General Transmissions<br>ZI du Bois Joly Sud<br>2, rue J. Gutemberg<br>BP 317<br>85503 Les Herbiers cedex<br>FRANCE<br><\/p>\n\n\n\n<h4 class=\"wp-block-heading\">Destinataires des donn\u00e9es \u00e0 caract\u00e8re personnel<\/h4>\n\n\n\n<p>Les cat\u00e9gories de destinataires sont :<\/p>\n\n\n\n<ul class=\"wp-block-list\"><li>Le service marketing<\/li><li>Le service commercial<\/li><li>Le service ADV<\/li><li>Le service communication<\/li><li>La direction<\/li><\/ul>\n\n\n\n<h4 class=\"wp-block-heading\">Transfert de donn\u00e9es<\/h4>\n\n\n\n<p>Le responsable du traitement n\u2019a pas l\u2019intention d\u2019effectuer un transfert de donn\u00e9es \u00e0 caract\u00e8re personnel vers un pays tiers ou \u00e0 une organisation internationale.<\/p>\n\n\n\n<h4 class=\"wp-block-heading\">Dur\u00e9e de conservation des donn\u00e9es \u00e0 caract\u00e8re personnel<\/h4>\n\n\n\n<p>Les donn\u00e9es seront conserv\u00e9es le temps que durera la relation commerciale entre notre entreprise et le propri\u00e9taire des donn\u00e9es personnelles. \u00c0 tout moment, il est possible d\u2019avoir un acc\u00e8s \u00e0 ces donn\u00e9es et \u00e0 leur modification, voire suppression. Il suffit pour cela de faire une demande \u00e0 l\u2019adresse email : RGPD@generaltransmissions.com, par courrier ou par t\u00e9l\u00e9phone.<\/p>\n\n\n\n<h4 class=\"wp-block-heading\">Rights of the person whose data is collDroits de la personne dont les donn\u00e9es sont collect\u00e9es<\/h4>\n\n\n\n<p>La personne dont les donn\u00e9es personnelles sont collect\u00e9es a le droit :<\/p>\n\n\n\n<ul class=\"wp-block-list\"><li>de demander au responsable du traitement l\u2019acc\u00e8s aux donn\u00e9es \u00e0 caract\u00e8re personnel, la rectification ou l\u2019effacement de celles-ci, ou une limitation du traitement relatif \u00e0 la personne concern\u00e9e,<\/li><li>de s\u2019opposer au traitement,<\/li><li>\u00e0 la portabilit\u00e9 de ses donn\u00e9es,<\/li><li>d\u2019introduire une r\u00e9clamation aupr\u00e8s d\u2019une autorit\u00e9 de contr\u00f4le,<\/li><li>de retirer son consentement \u00e0 tout moment, sans porter atteinte \u00e0 la lic\u00e9it\u00e9 du traitement fond\u00e9 sur le consentement effectu\u00e9 avant le retrait de celui-ci, ce droit existant exclusivement lorsque le traitement est fond\u00e9 sur l\u2019article 6, paragraphe 1, point a), ou sur l\u2019article 9, paragraphe 2, point a) du RGPD, c\u2019est-\u00e0-dire sur le consentement de la personne concern\u00e9e au traitement de ses donn\u00e9es \u00e0 caract\u00e8re personnel pour une ou plusieurs finalit\u00e9s sp\u00e9cifiques.<\/li><\/ul>\n\n\n\n<h4 class=\"wp-block-heading\">Prise de d\u00e9cision automatis\u00e9e \u2013 profilage<\/h4>\n\n\n\n<p>Sauf mention contraire dans les dispositions sp\u00e9cifiques, aucun profilage ne sera r\u00e9alis\u00e9 et plus g\u00e9n\u00e9ralement aucune d\u00e9cision automatis\u00e9e ne sera prise sur la base des donn\u00e9es collect\u00e9es.<\/p>\n\n\n\n<h3 class=\"wp-block-heading\">3. Dispositions sp\u00e9cifiques<\/h3>\n\n\n\n<p>Les dispositions qui suivent sont sp\u00e9cifiques \u00e0 chaque type de traitement de donn\u00e9es personnelles.<\/p>\n\n\n\n<h4 class=\"wp-block-heading\">Gestion de la relation avec nos contacts et prospects<\/h4>\n\n\n\n<p>Donn\u00e9es personnelles trait\u00e9es \u2013 Nous traitons les donn\u00e9es personnelles suivantes : civilit\u00e9, pr\u00e9nom, nom, coordonn\u00e9es t\u00e9l\u00e9phoniques, adresse \u00e9lectronique, adresse postale, profession.<\/p>\n\n\n\n<p>Finalit\u00e9s \u2013 Le traitement de donn\u00e9es personnelles est destin\u00e9 \u00e0 la gestion de la relation avec nos contacts et prospects. En particulier, ce traitement tend \u00e0 communiquer \u00e0 la personne concern\u00e9e des informations sur les actualit\u00e9s de notre organisation, nos produits et nos services.<\/p>\n\n\n\n<p>Base juridique \u2013 Ce traitement de donn\u00e9es personnelles est fond\u00e9 sur le consentement de la personne concern\u00e9e (article 6, paragraphe 1, point a) du RGPD). La demande de donn\u00e9es a un caract\u00e8re contractuel. La personne concern\u00e9e n\u2019est pas tenue de fournir ces donn\u00e9es. Si la personne concern\u00e9e ne<br>fournit pas les donn\u00e9es ou retire son consentement au traitement de donn\u00e9es, elle ne pourra pas recevoir d\u2019information sur les actualit\u00e9s de notre organisation, nos produits et nos services.<\/p>\n\n\n\n<h4 class=\"wp-block-heading\">Proc\u00e9dure d\u2019acceptation de nos clients<\/h4>\n\n\n\n<p>Donn\u00e9es personnelles trait\u00e9es \u2013 Nous traitons les donn\u00e9es suivantes : civilit\u00e9, pr\u00e9nom, nom, coordonn\u00e9es t\u00e9l\u00e9phoniques, adresse \u00e9lectronique, adresse postale, profession, organisation, fonctions.<\/p>\n\n\n\n<p>Finalit\u00e9s \u2013 Ce traitement de donn\u00e9es est destin\u00e9 \u00e0 satisfaire \u00e0 nos obligations de vigilance \u00e0 l\u2019\u00e9gard de la client\u00e8le, conform\u00e9ment au droit fran\u00e7ais, notamment aux articles L. 561-4-1 et R. 561-5 du code mon\u00e9taire et financier.<\/p>\n\n\n\n<p>Base juridique \u2013 Ce traitement est n\u00e9cessaire au respect des obligations l\u00e9gales auxquelles le responsable du traitement est soumis. Il est fond\u00e9 sur l\u2019article 6, paragraphe 1, point c) du RGPD. La demande de donn\u00e9es conditionne l\u2019\u00e9tablissement d\u2019une relation d\u2019affaires, conform\u00e9ment aux dispositions l\u00e9gislatives et r\u00e9glementaires applicables. La personne concern\u00e9e est tenue de fournir ces donn\u00e9es si elle souhaite l\u2019\u00e9tablissement de cette relation. Si la personne concern\u00e9e ne fournit pas les donn\u00e9es, nous ne pourrons pas poursuivre de relations d\u2019affaires avec elle.<\/p>\n\n\n\n<h4 class=\"wp-block-heading\">Gestion de la relation avec nos clients<\/h4>\n\n\n\n<p>Donn\u00e9es personnelles trait\u00e9es \u2013 Nous traitons les donn\u00e9es personnelles suivantes : Nous traitons les donn\u00e9es suivantes : civilit\u00e9, pr\u00e9nom, nom, coordonn\u00e9es t\u00e9l\u00e9phoniques, adresse \u00e9lectronique, adresse postale, profession, organisation, fonctions.<\/p>\n\n\n\n<p>Finalit\u00e9s \u2013 Le traitement de donn\u00e9es personnelles est destin\u00e9 \u00e0 la gestion de la relation avec nos clients. En particulier, ce traitement tend \u00e0 ex\u00e9cuter les mesures pr\u00e9contractuelles prises \u00e0 la demande de la personne concern\u00e9e, ex\u00e9cuter le contrat auquel la personne concern\u00e9e est partie, respecter nos obligations l\u00e9gales, fiscales et comptables.<\/p>\n\n\n\n<p>Base juridique \u2013 Ce traitement est n\u00e9cessaire \u00e0 l\u2019ex\u00e9cution d\u2019un contrat auquel la personne concern\u00e9e est partie ou \u00e0 l\u2019ex\u00e9cution de mesures pr\u00e9contractuelles prises \u00e0 la demande de celle-ci. Il est fond\u00e9 sur l\u2019article 6, paragraphe 1, point b) du RGPD. La demande de donn\u00e9es a un caract\u00e8re contractuel. La personne concern\u00e9e est tenue de fournir ces donn\u00e9es si elle souhaite b\u00e9n\u00e9ficier de nos produits ou de nos services. Si la personne concern\u00e9e ne fournit pas les donn\u00e9es, elle ne pourra pas ex\u00e9cuter les mesures pr\u00e9contractuelles prises \u00e0 la demande de la personne concern\u00e9e, ex\u00e9cuter le contrat auquel la personne concern\u00e9e est partie, respecter nos obligations l\u00e9gales, fiscales et comptables.<\/p>\n\n\n\n<h4 class=\"wp-block-heading\">Ex\u00e9cution des commandes pass\u00e9es sur notre site Internet<\/h4>\n\n\n\n<p>Donn\u00e9es personnelles trait\u00e9es \u2013 Nous traitons les donn\u00e9es personnelles suivantes : civilit\u00e9, pr\u00e9nom, nom, coordonn\u00e9es t\u00e9l\u00e9phoniques, adresse \u00e9lectronique, adresse postale, lieu de livraison, modalit\u00e9s de paiement, informations relatives au paiement.<\/p>\n\n\n\n<p>Finalit\u00e9s \u2013 Le traitement est destin\u00e9 \u00e0 l\u2019ex\u00e9cution des commandes pass\u00e9es sur notre site Internet et \u00e0 la gestion de la relation avec nos clients.<\/p>\n\n\n\n<p>Base juridique \u2013 Ce traitement est n\u00e9cessaire \u00e0 l\u2019ex\u00e9cution de mesures pr\u00e9contractuelles prises \u00e0 votre demande et \u00e0 l\u2019ex\u00e9cution du contrat conclu entre nous. Il est fond\u00e9 sur l\u2019article 6, paragraphe 1, point b) du RGPD. La demande de donn\u00e9es conditionne la conclusion du contrat. Elle a un caract\u00e8re contractuel. La personne concern\u00e9e est tenue de fournir les donn\u00e9es. \u00c0 d\u00e9faut, elle ne pourra pas passer de commande sur notre site.<\/p>\n\n\n\n<h4 class=\"wp-block-heading\">Analyse et am\u00e9lioration de nos produits et services<\/h4>\n\n\n\n<p>Donn\u00e9es personnelles trait\u00e9es \u2013 Nous traitons les donn\u00e9es suivantes : nom, pr\u00e9nom, civilit\u00e9, email, contact t\u00e9l\u00e9phonique.<\/p>\n\n\n\n<p>Finalit\u00e9s \u2013 Ce traitement est utilis\u00e9 \u00e0 des fins d\u2019analyse et d\u2019\u00e9tude statistique de l\u2019utilisation notre site, nos produits et services.<\/p>\n\n\n\n<p>Base juridique \u2013 Le traitement est n\u00e9cessaire aux fins des int\u00e9r\u00eats l\u00e9gitimes que nous poursuivons, consistant \u00e0 am\u00e9liorer et optimiser les produits et services. Il est fond\u00e9 sur l\u2019article 6, paragraphe 1, point f) du RGPD. La demande de donn\u00e9es a un caract\u00e8re contractuel. La personne concern\u00e9e n\u2019est pas tenue de fournir ces donn\u00e9es et elle peut s\u2019opposer \u00e0 tout moment \u00e0 leur traitement et \u00e0 l\u2019effacement<br>de ses donn\u00e9es personnelles.<\/p>\n\n\n\n<h4 class=\"wp-block-heading\">Messages marketing et publicitaires<\/h4>\n\n\n\n<p>Donn\u00e9es personnelles trait\u00e9es \u2013 Nous traitons les donn\u00e9es suivantes : nom, pr\u00e9nom, email, contact t\u00e9l\u00e9phonique, adresse, civilit\u00e9, organisation, fonction.<\/p>\n\n\n\n<p>Finalit\u00e9s \u2013 Le traitement est destin\u00e9 \u00e0 am\u00e9liorer notre communication et \u00e0 vous adresser des contenus pertinents \u00e0 des moments opportuns (principalement notre news letter).<\/p>\n\n\n\n<p>Base juridique \u2013 Le traitement repose sur le consentement de la personne concern\u00e9e (article 6, paragraphe 1, point a) du RGPD) et est n\u00e9cessaire aux fins des int\u00e9r\u00eats l\u00e9gitimes que nous poursuivons, consistant \u00e0 am\u00e9liorer notre communication et \u00e0 \u00e9viter d\u2019adresser des communications inopportunes (article 6, paragraphe 1, point f) du RGPD). La demande de donn\u00e9es a un caract\u00e8re contractuel. La personne concern\u00e9e n\u2019est pas tenue de fournir ces donn\u00e9es et elle peut s\u2019opposer \u00e0 tout moment \u00e0 leur traitement. Si la personne concern\u00e9e ne fournit pas les donn\u00e9es ou retire son consentement au traitement de donn\u00e9es, elle ne pourra pas recevoir nos contenus pertinents.<\/p>\n","protected":false},"excerpt":{"rendered":"<p>Politique de traitement des donn\u00e9es personnelles applicable aux contacts, clients, prospects, utilisateurs de services en ligne. La politique \u00e9nonc\u00e9e ci-apr\u00e8s s\u2019applique aux traitements de donn\u00e9es personnelles effectu\u00e9s par notre responsable RH (ci-apr\u00e8s d\u00e9sign\u00e9 le responsable du traitement). 1. Dispositions g\u00e9n\u00e9rales Les dispositions qui suivent concernent tous les traitements de donn\u00e9es personnelles effectu\u00e9s par le responsable [&hellip;]<\/p>\n","protected":false},"author":1,"featured_media":0,"parent":0,"menu_order":0,"comment_status":"closed","ping_status":"closed","template":"template-centered.php","meta":{"footnotes":""},"class_list":["post-773","page","type-page","status-publish","hentry"],"acf":[],"yoast_head":"<!-- This site is optimized with the Yoast SEO plugin v27.4 - https:\/\/yoast.com\/product\/yoast-seo-wordpress\/ -->\n<title>Politique de traitement des donn\u00e9es personnelles - General Transmissions<\/title>\n<meta name=\"robots\" content=\"index, follow, max-snippet:-1, max-image-preview:large, max-video-preview:-1\" \/>\n<link rel=\"canonical\" href=\"https:\/\/generaltransmissions.com\/fr\/politique-confidentialite\/\" \/>\n<meta property=\"og:locale\" content=\"fr_FR\" \/>\n<meta property=\"og:type\" content=\"article\" \/>\n<meta property=\"og:title\" content=\"Politique de traitement des donn\u00e9es personnelles - General Transmissions\" \/>\n<meta property=\"og:description\" content=\"Politique de traitement des donn\u00e9es personnelles applicable aux contacts, clients, prospects, utilisateurs de services en ligne. La politique \u00e9nonc\u00e9e ci-apr\u00e8s s\u2019applique aux traitements de donn\u00e9es personnelles effectu\u00e9s par notre responsable RH (ci-apr\u00e8s d\u00e9sign\u00e9 le responsable du traitement). 1. Dispositions g\u00e9n\u00e9rales Les dispositions qui suivent concernent tous les traitements de donn\u00e9es personnelles effectu\u00e9s par le responsable [&hellip;]\" \/>\n<meta property=\"og:url\" content=\"https:\/\/generaltransmissions.com\/fr\/politique-confidentialite\/\" \/>\n<meta property=\"og:site_name\" content=\"General Transmissions\" \/>\n<meta property=\"article:modified_time\" content=\"2022-05-23T13:17:01+00:00\" \/>\n<meta name=\"twitter:card\" content=\"summary_large_image\" \/>\n<script type=\"application\/ld+json\" class=\"yoast-schema-graph\">{\"@context\":\"https:\\\/\\\/schema.org\",\"@graph\":[{\"@type\":\"WebPage\",\"@id\":\"https:\\\/\\\/generaltransmissions.com\\\/fr\\\/politique-confidentialite\\\/\",\"url\":\"https:\\\/\\\/generaltransmissions.com\\\/fr\\\/politique-confidentialite\\\/\",\"name\":\"Politique de traitement des donn\u00e9es personnelles - General Transmissions\",\"isPartOf\":{\"@id\":\"https:\\\/\\\/generaltransmissions.com\\\/en\\\/#website\"},\"datePublished\":\"2022-05-19T12:44:12+00:00\",\"dateModified\":\"2022-05-23T13:17:01+00:00\",\"breadcrumb\":{\"@id\":\"https:\\\/\\\/generaltransmissions.com\\\/fr\\\/politique-confidentialite\\\/#breadcrumb\"},\"inLanguage\":\"fr-FR\",\"potentialAction\":[{\"@type\":\"ReadAction\",\"target\":[\"https:\\\/\\\/generaltransmissions.com\\\/fr\\\/politique-confidentialite\\\/\"]}]},{\"@type\":\"BreadcrumbList\",\"@id\":\"https:\\\/\\\/generaltransmissions.com\\\/fr\\\/politique-confidentialite\\\/#breadcrumb\",\"itemListElement\":[{\"@type\":\"ListItem\",\"position\":1,\"name\":\"Home\",\"item\":\"https:\\\/\\\/generaltransmissions.com\\\/fr\\\/\"},{\"@type\":\"ListItem\",\"position\":2,\"name\":\"Politique de traitement des donn\u00e9es personnelles\"}]},{\"@type\":\"WebSite\",\"@id\":\"https:\\\/\\\/generaltransmissions.com\\\/en\\\/#website\",\"url\":\"https:\\\/\\\/generaltransmissions.com\\\/en\\\/\",\"name\":\"General Transmissions\",\"description\":\"Global supplier of transmissions for outdoor power equipment\",\"publisher\":{\"@id\":\"https:\\\/\\\/generaltransmissions.com\\\/en\\\/#organization\"},\"potentialAction\":[{\"@type\":\"SearchAction\",\"target\":{\"@type\":\"EntryPoint\",\"urlTemplate\":\"https:\\\/\\\/generaltransmissions.com\\\/en\\\/?s={search_term_string}\"},\"query-input\":{\"@type\":\"PropertyValueSpecification\",\"valueRequired\":true,\"valueName\":\"search_term_string\"}}],\"inLanguage\":\"fr-FR\"},{\"@type\":\"Organization\",\"@id\":\"https:\\\/\\\/generaltransmissions.com\\\/en\\\/#organization\",\"name\":\"General Transmissions\",\"url\":\"https:\\\/\\\/generaltransmissions.com\\\/en\\\/\",\"logo\":{\"@type\":\"ImageObject\",\"inLanguage\":\"fr-FR\",\"@id\":\"https:\\\/\\\/generaltransmissions.com\\\/en\\\/#\\\/schema\\\/logo\\\/image\\\/\",\"url\":\"https:\\\/\\\/generaltransmissions.com\\\/wp-content\\\/uploads\\\/2021\\\/10\\\/header-logo.png\",\"contentUrl\":\"https:\\\/\\\/generaltransmissions.com\\\/wp-content\\\/uploads\\\/2021\\\/10\\\/header-logo.png\",\"width\":328,\"height\":174,\"caption\":\"General Transmissions\"},\"image\":{\"@id\":\"https:\\\/\\\/generaltransmissions.com\\\/en\\\/#\\\/schema\\\/logo\\\/image\\\/\"}}]}<\/script>\n<!-- \/ Yoast SEO plugin. -->","yoast_head_json":{"title":"Politique de traitement des donn\u00e9es personnelles - General Transmissions","robots":{"index":"index","follow":"follow","max-snippet":"max-snippet:-1","max-image-preview":"max-image-preview:large","max-video-preview":"max-video-preview:-1"},"canonical":"https:\/\/generaltransmissions.com\/fr\/politique-confidentialite\/","og_locale":"fr_FR","og_type":"article","og_title":"Politique de traitement des donn\u00e9es personnelles - General Transmissions","og_description":"Politique de traitement des donn\u00e9es personnelles applicable aux contacts, clients, prospects, utilisateurs de services en ligne. La politique \u00e9nonc\u00e9e ci-apr\u00e8s s\u2019applique aux traitements de donn\u00e9es personnelles effectu\u00e9s par notre responsable RH (ci-apr\u00e8s d\u00e9sign\u00e9 le responsable du traitement). 1. Dispositions g\u00e9n\u00e9rales Les dispositions qui suivent concernent tous les traitements de donn\u00e9es personnelles effectu\u00e9s par le responsable [&hellip;]","og_url":"https:\/\/generaltransmissions.com\/fr\/politique-confidentialite\/","og_site_name":"General Transmissions","article_modified_time":"2022-05-23T13:17:01+00:00","twitter_card":"summary_large_image","schema":{"@context":"https:\/\/schema.org","@graph":[{"@type":"WebPage","@id":"https:\/\/generaltransmissions.com\/fr\/politique-confidentialite\/","url":"https:\/\/generaltransmissions.com\/fr\/politique-confidentialite\/","name":"Politique de traitement des donn\u00e9es personnelles - General Transmissions","isPartOf":{"@id":"https:\/\/generaltransmissions.com\/en\/#website"},"datePublished":"2022-05-19T12:44:12+00:00","dateModified":"2022-05-23T13:17:01+00:00","breadcrumb":{"@id":"https:\/\/generaltransmissions.com\/fr\/politique-confidentialite\/#breadcrumb"},"inLanguage":"fr-FR","potentialAction":[{"@type":"ReadAction","target":["https:\/\/generaltransmissions.com\/fr\/politique-confidentialite\/"]}]},{"@type":"BreadcrumbList","@id":"https:\/\/generaltransmissions.com\/fr\/politique-confidentialite\/#breadcrumb","itemListElement":[{"@type":"ListItem","position":1,"name":"Home","item":"https:\/\/generaltransmissions.com\/fr\/"},{"@type":"ListItem","position":2,"name":"Politique de traitement des donn\u00e9es personnelles"}]},{"@type":"WebSite","@id":"https:\/\/generaltransmissions.com\/en\/#website","url":"https:\/\/generaltransmissions.com\/en\/","name":"General Transmissions","description":"Global supplier of transmissions for outdoor power equipment","publisher":{"@id":"https:\/\/generaltransmissions.com\/en\/#organization"},"potentialAction":[{"@type":"SearchAction","target":{"@type":"EntryPoint","urlTemplate":"https:\/\/generaltransmissions.com\/en\/?s={search_term_string}"},"query-input":{"@type":"PropertyValueSpecification","valueRequired":true,"valueName":"search_term_string"}}],"inLanguage":"fr-FR"},{"@type":"Organization","@id":"https:\/\/generaltransmissions.com\/en\/#organization","name":"General Transmissions","url":"https:\/\/generaltransmissions.com\/en\/","logo":{"@type":"ImageObject","inLanguage":"fr-FR","@id":"https:\/\/generaltransmissions.com\/en\/#\/schema\/logo\/image\/","url":"https:\/\/generaltransmissions.com\/wp-content\/uploads\/2021\/10\/header-logo.png","contentUrl":"https:\/\/generaltransmissions.com\/wp-content\/uploads\/2021\/10\/header-logo.png","width":328,"height":174,"caption":"General Transmissions"},"image":{"@id":"https:\/\/generaltransmissions.com\/en\/#\/schema\/logo\/image\/"}}]}},"_links":{"self":[{"href":"https:\/\/generaltransmissions.com\/fr\/wp-json\/wp\/v2\/pages\/773","targetHints":{"allow":["GET"]}}],"collection":[{"href":"https:\/\/generaltransmissions.com\/fr\/wp-json\/wp\/v2\/pages"}],"about":[{"href":"https:\/\/generaltransmissions.com\/fr\/wp-json\/wp\/v2\/types\/page"}],"author":[{"embeddable":true,"href":"https:\/\/generaltransmissions.com\/fr\/wp-json\/wp\/v2\/users\/1"}],"replies":[{"embeddable":true,"href":"https:\/\/generaltransmissions.com\/fr\/wp-json\/wp\/v2\/comments?post=773"}],"version-history":[{"count":2,"href":"https:\/\/generaltransmissions.com\/fr\/wp-json\/wp\/v2\/pages\/773\/revisions"}],"predecessor-version":[{"id":777,"href":"https:\/\/generaltransmissions.com\/fr\/wp-json\/wp\/v2\/pages\/773\/revisions\/777"}],"wp:attachment":[{"href":"https:\/\/generaltransmissions.com\/fr\/wp-json\/wp\/v2\/media?parent=773"}],"curies":[{"name":"wp","href":"https:\/\/api.w.org\/{rel}","templated":true}]}}